{"id":372,"date":"2023-11-08T14:30:00","date_gmt":"2023-11-08T14:30:00","guid":{"rendered":"https:\/\/archresci.pwr.edu.pl\/?page_id=372"},"modified":"2025-11-20T18:54:15","modified_gmt":"2025-11-20T18:54:15","slug":"about-us","status":"publish","type":"page","link":"https:\/\/archresci.pwr.edu.pl\/?page_id=372&lang=en","title":{"rendered":"About us"},"content":{"rendered":"\n<p>The ArchReSci (Architecture-Research-Science) conference has been organised since 2023. The third edition will take place in April 2026 at the Faculty of Architecture of the Pozna\u0144 University of Technology.<\/p>\n\n\n\n<p class=\"has-small-font-size\"><\/p>\n\n\n\n<p class=\"has-extra-large-font-size\"><strong>ArchReSci_2026<\/strong><\/p>\n\n\n\n<p class=\"has-small-font-size\"><strong>Place:<\/strong><\/p>\n\n\n\n<p class=\"has-small-font-size\">Faculty of Architecture, Pozna\u0144 University of Science and Technology, Jacka Rychlewskiego 2<\/p>\n\n\n\n<p class=\"has-small-font-size\">Faculty of Architecture, Wroc\u0142aw University of Science and Technology, Boles\u0142awa Prusa Street, 53\/55<\/p>\n\n\n\n<p class=\"has-small-font-size\"><strong>Patronage:<\/strong><\/p>\n\n\n\n<div class=\"wp-block-group is-vertical is-layout-flex wp-container-core-group-is-layout-8cf370e7 wp-block-group-is-layout-flex\">\n<p class=\"has-extra-small-font-size\">His Magnificence the Rector of Pozna\u0144 University of Science and Technology, Teofil Jesionowski, Prof.<\/p>\n\n\n\n<p class=\"has-extra-small-font-size\">His Magnificence the Rector of Wroc\u0142aw University of Science and Technology, &nbsp;&nbsp;Arkadiusz W\u00f3js, Prof.<\/p>\n\n\n\n<p class=\"has-extra-small-font-size\"> Dean of the Faculty of Architecture of Pozna\u0144 University of Science and Technology, Agata Gawlak, Assoc. Prof.<\/p>\n\n\n\n<p class=\"has-extra-small-font-size\">Dean of the Faculty of Architecture of Wroc\u0142aw University of Science and Technology, Magdalena Baborska-Naro\u017cny, Assoc. Prof.<\/p>\n<\/div>\n\n\n\n<p class=\"has-small-font-size\"><\/p>\n\n\n\n<p class=\"has-small-font-size\"><strong>Media coverage: <\/strong><\/p>\n\n\n\n<ol class=\"wp-block-list\">\n<li class=\"has-extra-small-font-size\">scientific journal <em>Architectus<\/em><\/li>\n\n\n\n<li class=\"has-extra-small-font-size\"> \u201eZeszyty Naukowe Politechniki Pozna\u0144skiej, Seria Architektura, Urbanistyka i Architektura Wn\u0119trz (&#8222;Scientific Papers of the Pozna\u0144 University of Technology,&#8221; Architecture, Urban Planning and Interior Design Series)<\/li>\n<\/ol>\n\n\n\n<p class=\"has-small-font-size\"><strong>Formula: <\/strong>hybrid &#8211; stationary session and online meetings (Zoom)<\/p>\n\n\n\n<p class=\"has-small-font-size\"><strong>Language<\/strong><strong>: Polish, English<\/strong><\/p>\n\n\n\n<p class=\"has-normal-font-size\"><strong>Scientific Council:<\/strong><\/p>\n\n\n\n<div class=\"wp-block-group\"><div class=\"wp-block-group__inner-container is-layout-constrained wp-block-group-is-layout-constrained\">\n<div class=\"wp-block-group is-vertical is-layout-flex wp-container-core-group-is-layout-8cf370e7 wp-block-group-is-layout-flex\">\n<p class=\"has-extra-small-font-size\">Agata Gawlak, Assoc. Prof. (Pozna\u0144)<\/p>\n\n\n\n<p class=\"has-extra-small-font-size\">Barbara Gronostajska, Prof. (Wroc\u0142aw)<\/p>\n\n\n\n<p class=\"has-extra-small-font-size\">S\u0142awomir Gzell, Prof. (Warszawa)<\/p>\n\n\n\n<p class=\"has-extra-small-font-size\">Joanna Jab\u0142o\u0144ska, Assoc. Prof. (Wroc\u0142aw)<\/p>\n\n\n\n<p class=\"has-extra-small-font-size\">Marzanna Jagie\u0142\u0142o, Prof. (Wroc\u0142aw)<\/p>\n\n\n\n<p class=\"has-extra-small-font-size\">Andrzej Kad\u0142uczka, Prof. (Krak\u00f3w)<\/p>\n\n\n\n<p class=\"has-extra-small-font-size\">Krystyna Kirschke, Assoc. Prof. (Wroc\u0142aw)<\/p>\n\n\n\n<p class=\"has-extra-small-font-size\">Gra\u017cyna Kodym-Kozaczko, Assoc. Prof. (Pozna\u0144)<\/p>\n\n\n\n<p class=\"has-extra-small-font-size\">Joanna Kucharzewska, Assoc. Prof. (Toru\u0144)<\/p>\n\n\n\n<p class=\"has-extra-small-font-size\">Dominika Ku\u015bnierz-Krupa, Prof. (Krak\u00f3w)<\/p>\n\n\n\n<p class=\"has-extra-small-font-size\">Piotr Lorens, Prof. (Gda\u0144sk)<\/p>\n\n\n\n<p class=\"has-extra-small-font-size\">Ewa \u0141u\u017cyniecka, Prof. (Wroc\u0142aw) \u2013 President of Scientific Council<\/p>\n\n\n\n<p class=\"has-extra-small-font-size\">Piotr Marciniak, Prof. (Pozna\u0144) \u2013 President of Scientific Council<\/p>\n\n\n\n<p class=\"has-extra-small-font-size\">Maciej Motak, Prof. (Krak\u00f3w)<\/p>\n\n\n\n<p class=\"has-extra-small-font-size\">Aleksander Piwek, Prof. (Gda\u0144sk)<\/p>\n\n\n\n<p class=\"has-extra-small-font-size\">Ma\u0142gorzata Rozbicka, Prof. (Warszawa)<\/p>\n\n\n\n<p class=\"has-extra-small-font-size\">Ulrich Schaaf, Assoc. Prof. (Toru\u0144)<\/p>\n\n\n\n<p class=\"has-extra-small-font-size\">Jan S\u0142yk, Prof. (Warszawa)<\/p>\n\n\n\n<p class=\"has-extra-small-font-size\">Klaudia Stala, Assoc.Prof. (Krak\u00f3w)<\/p>\n\n\n\n<p class=\"has-extra-small-font-size\">Jakub Szczepa\u0144ski, Prof. (Gda\u0144sk)<\/p>\n\n\n\n<p class=\"has-extra-small-font-size\">Agnieszka Tomaszewicz, Assoc. Prof. (Wroc\u0142aw)<\/p>\n\n\n\n<p class=\"has-extra-small-font-size\">Jadwiga Urbanik, Assoc. Prof. (Wroc\u0142aw)<\/p>\n\n\n\n<p class=\"has-extra-small-font-size\">Tomasz <a>Wa\u017cny<\/a>&nbsp;, Prof. (Toru\u0144)<\/p>\n\n\n\n<p class=\"has-extra-small-font-size\">Sebastian Wr\u00f3blewski, Assoc. Prof. (Wroc\u0142aw)<\/p>\n\n\n\n<p class=\"has-extra-small-font-size\">Magdalena \u017bmudzi\u0144ska-Nowak, Prof. (Gliwice)<\/p>\n<\/div>\n<\/div><\/div>\n\n\n\n<p class=\"has-normal-font-size\"><strong>Organizing Committee:<\/strong><\/p>\n\n\n\n<p><em>Pozna\u0144:<\/em><\/p>\n\n\n\n<div class=\"wp-block-group is-vertical is-layout-flex wp-container-core-group-is-layout-8cf370e7 wp-block-group-is-layout-flex\">\n<p class=\"has-extra-small-font-size\">prof. dr hab. Piotr Marciniak<\/p>\n\n\n\n<p class=\"has-extra-small-font-size\">secretary: mgr in\u017c. arch. Joanna Bogajewska-Danek<\/p>\n\n\n\n<p class=\"has-extra-small-font-size\">mgr in\u017c. arch. Magdalena Raczkowska<\/p>\n<\/div>\n\n\n\n<p><\/p>\n\n\n\n<figure class=\"wp-block-image\"><img loading=\"lazy\" decoding=\"async\" width=\"1024\" height=\"519\" src=\"https:\/\/archresci.pwr.edu.pl\/wp-content\/uploads\/2025\/11\/organizatorzy_poznan2-1-1024x519.jpg\" alt=\"\" class=\"wp-image-973\" srcset=\"https:\/\/archresci.pwr.edu.pl\/wp-content\/uploads\/2025\/11\/organizatorzy_poznan2-1-1024x519.jpg 1024w, https:\/\/archresci.pwr.edu.pl\/wp-content\/uploads\/2025\/11\/organizatorzy_poznan2-1-300x152.jpg 300w, https:\/\/archresci.pwr.edu.pl\/wp-content\/uploads\/2025\/11\/organizatorzy_poznan2-1-768x389.jpg 768w, https:\/\/archresci.pwr.edu.pl\/wp-content\/uploads\/2025\/11\/organizatorzy_poznan2-1-1536x778.jpg 1536w, https:\/\/archresci.pwr.edu.pl\/wp-content\/uploads\/2025\/11\/organizatorzy_poznan2-1-1568x794.jpg 1568w, https:\/\/archresci.pwr.edu.pl\/wp-content\/uploads\/2025\/11\/organizatorzy_poznan2-1.jpg 2034w\" sizes=\"auto, (max-width: 1024px) 100vw, 1024px\" \/><\/figure>\n\n\n\n<p><\/p>\n\n\n\n<p><em>Wroc\u0142aw:<\/em><\/p>\n\n\n\n<div class=\"wp-block-group is-vertical is-layout-flex wp-container-core-group-is-layout-8cf370e7 wp-block-group-is-layout-flex\">\n<p class=\"has-extra-small-font-size\">prof. dr hab. Ewa \u0141u\u017cyniecka<\/p>\n\n\n\n<p class=\"has-extra-small-font-size\">secretary : dr Alicja Hoyenski<\/p>\n\n\n\n<p class=\"has-extra-small-font-size\">dr Rafa\u0142 Karnicki<\/p>\n\n\n\n<p class=\"has-extra-small-font-size\">dr Agnieszka Adamska-Idzikowska<\/p>\n\n\n\n<p class=\"has-extra-small-font-size\">mgr Franciszek Hackemer<\/p>\n<\/div>\n\n\n\n<figure class=\"wp-block-image\"><img loading=\"lazy\" decoding=\"async\" width=\"1024\" height=\"387\" src=\"https:\/\/archresci.pwr.edu.pl\/wp-content\/uploads\/2025\/10\/ArchReSci_26_org_Wroc-1024x387.jpg\" alt=\"\" class=\"wp-image-866\" srcset=\"https:\/\/archresci.pwr.edu.pl\/wp-content\/uploads\/2025\/10\/ArchReSci_26_org_Wroc-1024x387.jpg 1024w, https:\/\/archresci.pwr.edu.pl\/wp-content\/uploads\/2025\/10\/ArchReSci_26_org_Wroc-300x113.jpg 300w, https:\/\/archresci.pwr.edu.pl\/wp-content\/uploads\/2025\/10\/ArchReSci_26_org_Wroc-768x290.jpg 768w, https:\/\/archresci.pwr.edu.pl\/wp-content\/uploads\/2025\/10\/ArchReSci_26_org_Wroc-1536x580.jpg 1536w, https:\/\/archresci.pwr.edu.pl\/wp-content\/uploads\/2025\/10\/ArchReSci_26_org_Wroc-1568x592.jpg 1568w, https:\/\/archresci.pwr.edu.pl\/wp-content\/uploads\/2025\/10\/ArchReSci_26_org_Wroc.jpg 1592w\" sizes=\"auto, (max-width: 1024px) 100vw, 1024px\" \/><\/figure>\n\n\n\n<p class=\"has-small-font-size\"><\/p>\n\n\n\n<hr class=\"wp-block-separator has-alpha-channel-opacity\"\/>\n\n\n\n<p><a id=\"_msocom_1\"><\/a><\/p>\n","protected":false},"excerpt":{"rendered":"<p>The ArchReSci (Architecture-Research-Science) conference has been organised since 2023. The third edition will take place in April 2026 at the Faculty of Architecture of the Pozna\u0144 University of Technology. ArchReSci_2026 Place: Faculty of Architecture, Pozna\u0144 University of Science and Technology, Jacka Rychlewskiego 2 Faculty of Architecture, Wroc\u0142aw University of Science and Technology, Boles\u0142awa Prusa Street,&hellip; <a class=\"more-link\" href=\"https:\/\/archresci.pwr.edu.pl\/?page_id=372&#038;lang=en\">Czytaj dalej <span class=\"screen-reader-text\">About us<\/span><\/a><\/p>\n","protected":false},"author":1,"featured_media":0,"parent":0,"menu_order":0,"comment_status":"closed","ping_status":"closed","template":"","meta":{"_eb_attr":"","footnotes":""},"class_list":["post-372","page","type-page","status-publish","hentry","entry"],"_links":{"self":[{"href":"https:\/\/archresci.pwr.edu.pl\/index.php?rest_route=\/wp\/v2\/pages\/372","targetHints":{"allow":["GET"]}}],"collection":[{"href":"https:\/\/archresci.pwr.edu.pl\/index.php?rest_route=\/wp\/v2\/pages"}],"about":[{"href":"https:\/\/archresci.pwr.edu.pl\/index.php?rest_route=\/wp\/v2\/types\/page"}],"author":[{"embeddable":true,"href":"https:\/\/archresci.pwr.edu.pl\/index.php?rest_route=\/wp\/v2\/users\/1"}],"replies":[{"embeddable":true,"href":"https:\/\/archresci.pwr.edu.pl\/index.php?rest_route=%2Fwp%2Fv2%2Fcomments&post=372"}],"version-history":[{"count":15,"href":"https:\/\/archresci.pwr.edu.pl\/index.php?rest_route=\/wp\/v2\/pages\/372\/revisions"}],"predecessor-version":[{"id":1008,"href":"https:\/\/archresci.pwr.edu.pl\/index.php?rest_route=\/wp\/v2\/pages\/372\/revisions\/1008"}],"wp:attachment":[{"href":"https:\/\/archresci.pwr.edu.pl\/index.php?rest_route=%2Fwp%2Fv2%2Fmedia&parent=372"}],"curies":[{"name":"wp","href":"https:\/\/api.w.org\/{rel}","templated":true}]}}