{"id":330,"date":"2023-11-08T13:41:06","date_gmt":"2023-11-08T13:41:06","guid":{"rendered":"https:\/\/archresci.pwr.edu.pl\/?page_id=330"},"modified":"2026-04-26T07:46:49","modified_gmt":"2026-04-26T07:46:49","slug":"aktualnosci","status":"publish","type":"page","link":"https:\/\/archresci.pwr.edu.pl\/?page_id=330","title":{"rendered":"Aktualno\u015bci"},"content":{"rendered":"\n<p><\/p>\n\n\n\n<p>W dniach\u00a0 <strong>23-25.04. 2026 roku<\/strong> odby\u0142y si\u0119 obrady mi\u0119dzynarodowej konferencji ArchReSci_2026. By\u0142a ona efektem wsp\u00f3\u0142pracy Wydzia\u0142\u00f3w Architektury Politechniki Wroc\u0142awskiej i Politechniki Pozna\u0144skiej. Obrady zosta\u0142y uroczy\u015bcie otwarte przez Panie Dziekan obu uczelni &#8211; prof. PP Agat\u0119 Gawlak i prof.\u00a0PWr Magdalen\u0119 Baborsk\u0105-Naro\u017cny. <strong>\u00a0<\/strong><\/p>\n\n\n\n<p>Obrady stacjonarne przebiega\u0142y 25.04. w gmachu Wydzia\u0142u Architektury Politechniki Pozna\u0144skiej. Go\u015bci powitali Prodziekani WA PP- prof. PP&nbsp; Adam Nadolny i dr Barbara \u015awit-Jankowska.<\/p>\n\n\n\n<p>Konferencji towarzyszy\u0142a wystawa poster\u00f3w ArchReSci_2026 zorganizowana r\u00f3wnolegle na obu uczelniach.<\/p>\n\n\n\n<figure class=\"wp-block-image size-large\"><img loading=\"lazy\" decoding=\"async\" width=\"1024\" height=\"346\" src=\"https:\/\/archresci.pwr.edu.pl\/wp-content\/uploads\/2026\/04\/1PPm-1-1024x346.jpg\" alt=\"\" class=\"wp-image-1263\" srcset=\"https:\/\/archresci.pwr.edu.pl\/wp-content\/uploads\/2026\/04\/1PPm-1-1024x346.jpg 1024w, https:\/\/archresci.pwr.edu.pl\/wp-content\/uploads\/2026\/04\/1PPm-1-300x102.jpg 300w, https:\/\/archresci.pwr.edu.pl\/wp-content\/uploads\/2026\/04\/1PPm-1-768x260.jpg 768w, https:\/\/archresci.pwr.edu.pl\/wp-content\/uploads\/2026\/04\/1PPm-1-1536x520.jpg 1536w, https:\/\/archresci.pwr.edu.pl\/wp-content\/uploads\/2026\/04\/1PPm-1-2048x693.jpg 2048w, https:\/\/archresci.pwr.edu.pl\/wp-content\/uploads\/2026\/04\/1PPm-1-1568x531.jpg 1568w\" sizes=\"auto, (max-width: 1024px) 100vw, 1024px\" \/><\/figure>\n\n\n\n<p class=\"has-text-align-center has-extra-small-font-size\"> Wystawa poster\u00f3w ArchReSci_2026 w gmachu Wydzia\u0142u Architektury Politechniki Pozna\u0144skiej<\/p>\n\n\n\n<figure class=\"wp-block-image size-large\"><img loading=\"lazy\" decoding=\"async\" width=\"1024\" height=\"347\" src=\"https:\/\/archresci.pwr.edu.pl\/wp-content\/uploads\/2026\/04\/1-Pwrm-2-1024x347.jpg\" alt=\"\" class=\"wp-image-1264\" srcset=\"https:\/\/archresci.pwr.edu.pl\/wp-content\/uploads\/2026\/04\/1-Pwrm-2-1024x347.jpg 1024w, https:\/\/archresci.pwr.edu.pl\/wp-content\/uploads\/2026\/04\/1-Pwrm-2-300x102.jpg 300w, https:\/\/archresci.pwr.edu.pl\/wp-content\/uploads\/2026\/04\/1-Pwrm-2-768x260.jpg 768w, https:\/\/archresci.pwr.edu.pl\/wp-content\/uploads\/2026\/04\/1-Pwrm-2-1536x520.jpg 1536w, https:\/\/archresci.pwr.edu.pl\/wp-content\/uploads\/2026\/04\/1-Pwrm-2-1568x531.jpg 1568w, https:\/\/archresci.pwr.edu.pl\/wp-content\/uploads\/2026\/04\/1-Pwrm-2.jpg 1773w\" sizes=\"auto, (max-width: 1024px) 100vw, 1024px\" \/><\/figure>\n\n\n\n<p class=\"has-text-align-center has-extra-small-font-size\">Wystawa poster\u00f3w ArchReSci_2026 w gmachu Wydzia\u0142u Architektury Politechniki Wroc\u0142awskiej<\/p>\n\n\n\n<p>Przypominamy, \u017ce publikacja artyku\u0142\u00f3w jest planowana w czasopi\u015bmie \u201eArchitectus\u201d \u00a0\u00a0oraz w Zeszytach Naukowych Politechniki Pozna\u0144skiej Seria Architektura, Urbanistyka i Architektura Wn\u0119trz (Informacje w zak\u0142adce Publikacja).<\/p>\n","protected":false},"excerpt":{"rendered":"<p>W dniach\u00a0 23-25.04. 2026 roku odby\u0142y si\u0119 obrady mi\u0119dzynarodowej konferencji ArchReSci_2026. By\u0142a ona efektem wsp\u00f3\u0142pracy Wydzia\u0142\u00f3w Architektury Politechniki Wroc\u0142awskiej i Politechniki Pozna\u0144skiej. Obrady zosta\u0142y uroczy\u015bcie otwarte przez Panie Dziekan obu uczelni &#8211; prof. PP Agat\u0119 Gawlak i prof.\u00a0PWr Magdalen\u0119 Baborsk\u0105-Naro\u017cny. \u00a0 Obrady stacjonarne przebiega\u0142y 25.04. w gmachu Wydzia\u0142u Architektury Politechniki Pozna\u0144skiej. Go\u015bci powitali Prodziekani WA&hellip; <a class=\"more-link\" href=\"https:\/\/archresci.pwr.edu.pl\/?page_id=330\">Czytaj dalej <span class=\"screen-reader-text\">Aktualno\u015bci<\/span><\/a><\/p>\n","protected":false},"author":1,"featured_media":0,"parent":0,"menu_order":0,"comment_status":"closed","ping_status":"closed","template":"","meta":{"_eb_attr":"","footnotes":""},"class_list":["post-330","page","type-page","status-publish","hentry","entry"],"_links":{"self":[{"href":"https:\/\/archresci.pwr.edu.pl\/index.php?rest_route=\/wp\/v2\/pages\/330","targetHints":{"allow":["GET"]}}],"collection":[{"href":"https:\/\/archresci.pwr.edu.pl\/index.php?rest_route=\/wp\/v2\/pages"}],"about":[{"href":"https:\/\/archresci.pwr.edu.pl\/index.php?rest_route=\/wp\/v2\/types\/page"}],"author":[{"embeddable":true,"href":"https:\/\/archresci.pwr.edu.pl\/index.php?rest_route=\/wp\/v2\/users\/1"}],"replies":[{"embeddable":true,"href":"https:\/\/archresci.pwr.edu.pl\/index.php?rest_route=%2Fwp%2Fv2%2Fcomments&post=330"}],"version-history":[{"count":46,"href":"https:\/\/archresci.pwr.edu.pl\/index.php?rest_route=\/wp\/v2\/pages\/330\/revisions"}],"predecessor-version":[{"id":1267,"href":"https:\/\/archresci.pwr.edu.pl\/index.php?rest_route=\/wp\/v2\/pages\/330\/revisions\/1267"}],"wp:attachment":[{"href":"https:\/\/archresci.pwr.edu.pl\/index.php?rest_route=%2Fwp%2Fv2%2Fmedia&parent=330"}],"curies":[{"name":"wp","href":"https:\/\/api.w.org\/{rel}","templated":true}]}}