{"id":284,"date":"2023-10-25T20:51:17","date_gmt":"2023-10-25T20:51:17","guid":{"rendered":"https:\/\/archresci.pwr.edu.pl\/?page_id=284"},"modified":"2025-10-27T12:58:07","modified_gmt":"2025-10-27T12:58:07","slug":"archresci-24","status":"publish","type":"page","link":"https:\/\/archresci.pwr.edu.pl\/?page_id=284","title":{"rendered":"ArchReSci 24"},"content":{"rendered":"\n<figure class=\"wp-block-image size-large\"><img loading=\"lazy\" decoding=\"async\" width=\"1024\" height=\"768\" src=\"https:\/\/archresci.pwr.edu.pl\/wp-content\/uploads\/2025\/10\/20240420_124818-1024x768.jpg\" alt=\"\" class=\"wp-image-858\" srcset=\"https:\/\/archresci.pwr.edu.pl\/wp-content\/uploads\/2025\/10\/20240420_124818-1024x768.jpg 1024w, https:\/\/archresci.pwr.edu.pl\/wp-content\/uploads\/2025\/10\/20240420_124818-300x225.jpg 300w, https:\/\/archresci.pwr.edu.pl\/wp-content\/uploads\/2025\/10\/20240420_124818-768x576.jpg 768w, https:\/\/archresci.pwr.edu.pl\/wp-content\/uploads\/2025\/10\/20240420_124818-1536x1152.jpg 1536w, https:\/\/archresci.pwr.edu.pl\/wp-content\/uploads\/2025\/10\/20240420_124818-2048x1536.jpg 2048w, https:\/\/archresci.pwr.edu.pl\/wp-content\/uploads\/2025\/10\/20240420_124818-1568x1176.jpg 1568w\" sizes=\"auto, (max-width: 1024px) 100vw, 1024px\" \/><\/figure>\n\n\n\n<div data-wp-interactive=\"core\/file\" class=\"wp-block-file\"><object data-wp-bind--hidden=\"!state.hasPdfPreview\" hidden class=\"wp-block-file__embed\" data=\"https:\/\/archresci.pwr.edu.pl\/wp-content\/uploads\/2024\/04\/ArchReSci_24_Abstrakty_pol.pdf\" type=\"application\/pdf\" style=\"width:100%;height:600px\" aria-label=\"Osadzone z ArchReSci_24_Abstrakty_pol.\"><\/object><a id=\"wp-block-file--media-5428d42f-a70a-4560-beb0-6c280304d70f\" href=\"https:\/\/archresci.pwr.edu.pl\/wp-content\/uploads\/2024\/04\/ArchReSci_24_Abstrakty_pol.pdf\">ArchReSci_24_Abstrakty_pol<\/a><a href=\"https:\/\/archresci.pwr.edu.pl\/wp-content\/uploads\/2024\/04\/ArchReSci_24_Abstrakty_pol.pdf\" class=\"wp-block-file__button wp-element-button\" download aria-describedby=\"wp-block-file--media-5428d42f-a70a-4560-beb0-6c280304d70f\">Pobierz<\/a><\/div>\n\n\n\n<p class=\"has-large-font-size\"><strong>Spis autor\u00f3w:<\/strong><\/p>\n\n\n\n<p class=\"has-extra-small-font-size\">Inna Abramiuk, dr in\u017c. arch., Instytut Architektury i Urbanistyki Uniwersytetu Zielonog\u00f3rskiego, i.abramiuk@aiu.uz.zgora.pl<\/p>\n\n\n\n<p class=\"has-extra-small-font-size\">Agnieszka Adamska-Idzikowska, dr in\u017c. arch., Wydzia\u0142 Architektury Politechniki Wroc\u0142awskiej, agnieszka.adamska-idzikowska@pwr.edu.pl<a><\/a><\/p>\n\n\n\n<p class=\"has-extra-small-font-size\">Somayeh Afshariazad, mgr in\u017c. arch., Wydzia\u0142 Architektury Politechniki Krakowskiej, s.afshariazad@gmail.com<\/p>\n\n\n\n<p class=\"has-extra-small-font-size\">Ewa Angoneze-Grela, dr in\u017c. arch., Wydzia\u0142 Architektury Politechniki Pozna\u0144skiej, ewa.grela@put.poznan.pl<\/p>\n\n\n\n<p class=\"has-extra-small-font-size\"><a><\/a>Karol Argasi\u0144ski, mgr in\u017c. arch., Wydzia\u0142 Architektury Politechniki Warszawskiej, karol.argasinski.dokt@pw.edu.pl<a><\/a><\/p>\n\n\n\n<p class=\"has-extra-small-font-size\">Magdalena Baborska-Naro\u017cny, dr hab. in\u017c. arch., Wydzia\u0142 Architektury Politechniki Wroc\u0142awskiej, magdalena.baborska-narozny@pwr.edu.pl<\/p>\n\n\n\n<p class=\"has-extra-small-font-size\">Hubert Baran, in\u017c., Wydzia\u0142 Architektury Politechniki Wroc\u0142awskiej, 276938@student.pwr.edu.pl<\/p>\n\n\n\n<p class=\"has-extra-small-font-size\"><a><\/a>\u0141ukasz Bednarz, dr in\u017c., Wydzia\u0142 Budownictwa Politechniki Wroc\u0142awskiej, lukasz.bednarz@pwr.edu.pl<\/p>\n\n\n\n<p class=\"has-extra-small-font-size\">Ma\u0142gorzata Biega\u0144ska, (studentka), Wydzia\u0142 Architektury Politechniki Wroc\u0142awskiej, 264659@student.pwr.edu.pl<\/p>\n\n\n\n<p class=\"has-extra-small-font-size\">Anna Boj\u0119\u015b-Bia\u0142asik, dr hab. In\u017c. arch., Wydzia\u0142 Architektury Politechniki Krakowskiej, anna.bojes-bialasik@pk.edu.pl<\/p>\n\n\n\n<p class=\"has-extra-small-font-size\">Wojciech Bonenberg, prof. dr hab. in\u017c. arch., Wydzia\u0142 Architektury Politechniki Pozna\u0144skiej, wojciech.bonenberg@put.poznan.pl<\/p>\n\n\n\n<p class=\"has-extra-small-font-size\"><a><\/a>Andrzej Borkowski, dr in\u017c., Wydzia\u0142 Geodezji i Kartografii Politechniki Warszawskiej, andrzej.borkowski@pw.edu.pl<\/p>\n\n\n\n<p class=\"has-extra-small-font-size\">Marcin Brzezicki, dr hab. in\u017c. arch., Wydzia\u0142 Architektury Politechniki Wroc\u0142awskiej, marcin.brzezicki@pwr.edu.pl<\/p>\n\n\n\n<p class=\"has-extra-small-font-size\">Mariusz Cesarz, Dipl. -Ing. arch.,&nbsp; mariuszcesarz@gmail.com<\/p>\n\n\n\n<p class=\"has-extra-small-font-size\">Ma\u0142gorzata Chorowska, prof. dr hab. in\u017c. arch., Wydzia\u0142 Architektury Politechniki Wroc\u0142awskiej, malgorzata.chorowska@pwr.edu.pl<\/p>\n\n\n\n<p class=\"has-extra-small-font-size\"><a><\/a>Barbara Czerwi\u0144ska, mgr in\u017c. arch., Wydzia\u0142 Architektury Politechniki Krakowskiej, barbara.czerwinska@doktorant.pk.edu.pl<\/p>\n\n\n\n<p class=\"has-extra-small-font-size\">Johannes Dahm, Dr, Nantes Univiersite, johannes.dahm@univ-nantes.fr<\/p>\n\n\n\n<p class=\"has-extra-small-font-size\">&nbsp;Piotr Drozdowicz, dr sztuki, Wydzia\u0142 Architektury Politechniki Pozna\u0144skiej, piotr.drozdowicz@put.poznan.pl<\/p>\n\n\n\n<p class=\"has-extra-small-font-size\">Ma\u0142gorzata Doroz-Turek, dr in\u017c. arch., Wydzia\u0142 Budownictwa i Architektury Politechniki \u015awi\u0119tokrzyskiej, mdoroz@tu.kielce.pl<\/p>\n\n\n\n<p class=\"has-extra-small-font-size\">Tomasz Dzieduszy\u0144ski, agr in\u017c. arch., Wydzia\u0142 Architektury Politechniki Warszawskiej, tomasz.dzieduszynski.dokt@pw.edu.pl<\/p>\n\n\n\n<p class=\"has-extra-small-font-size\">Emilia Dziewiecka, dr, Muzeum Papiernictwa w Dusznikach-Zdroju, emilia.dziewiecka@muzpap.pl<\/p>\n\n\n\n<p class=\"has-extra-small-font-size\">Agata Gawlak, dr hab. in\u017c. arch., Wydzia\u0142 Architektury Politechniki Pozna\u0144skiej, agata.gawlak@put.poznan.pl<\/p>\n\n\n\n<p class=\"has-extra-small-font-size\">Magdalena Grzegorzewska, mgr in\u017c. arch., Wydzia\u0142 Architektury Politechniki Wroc\u0142awskiej, magdalena.grzegorzewska@pwr.edu.pl<\/p>\n\n\n\n<p class=\"has-extra-small-font-size\">Franciszek Hackemer, mgr in\u017c. arch., Wydzia\u0142 Architektury Politechniki Wroc\u0142awskiej, franciszek.hackemer@pwr.edu.pl<\/p>\n\n\n\n<p class=\"has-extra-small-font-size\">Danill Hardzetski, in\u017c., Wydzia\u0142 Architektury Politechniki Wroc\u0142awskiej, 252463@student.pwr.edu.pl<\/p>\n\n\n\n<p class=\"has-extra-small-font-size\">Najmeh Hassas, dr in\u017c. Arch., Wydzia\u0142 Architektury Politechniki Gda\u0144skiej, najmeh.hassas@pg.edu.pl<\/p>\n\n\n\n<p class=\"has-extra-small-font-size\">Alicja Hoyenski, dr in\u017c. Arch., Wydzia\u0142 Architektury Politechniki Wroc\u0142awskiej, alicja.hoyenski@pwr.edu.pl<\/p>\n\n\n\n<p class=\"has-extra-small-font-size\">Jerzy Ilkosz, dr hab., Muzeum Architektury we Wroc\u0142awiu, ilkosz@ma.wroc.pl<\/p>\n\n\n\n<p class=\"has-extra-small-font-size\"><a><\/a>Daria Jagie\u0142\u0142o, dr, Wydzia\u0142 Sztuk Pi\u0119knych Uniwersytetu Miko\u0142aja Kopernika w Toruniu, dar.jag@umk.pl<\/p>\n\n\n\n<p class=\"has-extra-small-font-size\">Agata Jasio\u0142ek, dr in\u017c. arch., Wydzia\u0142 Architektury Politechniki Wroc\u0142awskiej, agata.jasiolek@pwr.edu.pl<br><br>Anne Jaureguiberry, Assoc. Prof., Strasbourg Ecole d\u2019architecture<br>anne.jaureguiberry@strasbourg.archi.fr&nbsp;<\/p>\n\n\n\n<p class=\"has-extra-small-font-size\"><a><\/a>Piotr Kajzer, mgr sztuki, p.kajzer@gmail.com<\/p>\n\n\n\n<p class=\"has-extra-small-font-size\">Rafa\u0142 Karnicki, dr in\u017c. arch., Wydzia\u0142 Architektury Politechniki Wroc\u0142awskiej, rafal.karnicki@pwr.edu.pl<\/p>\n\n\n\n<p class=\"has-extra-small-font-size\">Bartosz Ka\u017amierczak, Dr in\u017c. Arch., Wydzia\u0142 Architektury Politechniki Pozna\u0144skiej, bartosz.kazmierczak@put.poznan.pl<\/p>\n\n\n\n<p class=\"has-extra-small-font-size\">Szymon Kici\u0144ski, mgr in\u017c. arch., Wydzia\u0142 Architektury Politechniki Wroc\u0142awskiej, szymon.kicinski@pwr.edu.pl<\/p>\n\n\n\n<p class=\"has-extra-small-font-size\"><a><\/a>Bianka Kowalska, in\u017c., Wydzia\u0142 Architektury Politechniki Wroc\u0142awskiej, 252345@student.pwr.edu.pl<\/p>\n\n\n\n<p class=\"has-extra-small-font-size\">Szymon Kowalski, mgr in\u017c. arch., Wydzia\u0142 Architektury Politechniki Gda\u0144skiej, szymon.kowalski@pg.edu.pl<\/p>\n\n\n\n<p class=\"has-extra-small-font-size\">Iwona Krawiec, mgr in\u017c. arch., Wydzia\u0142 Architektury Politechniki Wroc\u0142awskiej, iwona.krawiec@pw.edu.pl<\/p>\n\n\n\n<p class=\"has-extra-small-font-size\">Aleksandra Kr\u0119t-Grze\u015bkowiak, mgr in\u017c. arch., Wydzia\u0142 Architektury Politechniki Wroc\u0142awskiej, aleksandra.kret-grzeskowiak@pwr.edu.pl<\/p>\n\n\n\n<p class=\"has-extra-small-font-size\">Ma\u0142gorzata Kurcjusz, mgr in\u017c. arch., Instytut In\u017cynierii L\u0105dowej Szko\u0142y G\u0142\u00f3wnej Gospodarstwa Wiejskiego, malgorzata_kurcjusz@sggw.edu.pl<\/p>\n\n\n\n<p class=\"has-extra-small-font-size\">Dominika Kumorek, agr in\u017c. arch., Wydzia\u0142 Architektury Politechniki Warszawskiej, kumdomi@gmail.com<\/p>\n\n\n\n<p class=\"has-extra-small-font-size\">Micha\u0142 Kwasek, dr in\u017c. arch., Wydzia\u0142 Architektury Politechniki Gda\u0144skiej, michal.kwasek@pg.edu.pl<\/p>\n\n\n\n<p class=\"has-extra-small-font-size\">Maria Legut-Pintal, dr, Wydzia\u0142 Architektury Politechniki Wroc\u0142awskiej, <br>maria.legut-pintal@pwr.edu.pl<\/p>\n\n\n\n<p class=\"has-extra-small-font-size\">Konrad Lewacki, dr in\u017c., Wydzia\u0142 Architektury Politechniki Wroc\u0142awskiej, konrad.lewacki@pwr.edu.pl<\/p>\n\n\n\n<p class=\"has-extra-small-font-size\">Bogna Ludwig, dr hab. in\u017c. arch., Wydzia\u0142 Architektury Politechniki Wroc\u0142awskiej, bogna.ludwig@pwr.edu.pl<\/p>\n\n\n\n<p class=\"has-extra-small-font-size\">Jerzy \u0141adysz, dr in\u017c., Wydzia\u0142 Architektury Politechniki Wroc\u0142awskiej, jerzy.ladysz@pwr.edu.pl<\/p>\n\n\n\n<p class=\"has-extra-small-font-size\">Jerzy \u0141\u0105tka, dr in\u017c. arch., Wydzia\u0142 Architektury Politechniki Wroc\u0142awskiej, jerzy.latka@pwr.edu.pl<\/p>\n\n\n\n<p class=\"has-extra-small-font-size\">Ewa \u0141u\u017cyniecka, prof. dr hab. in\u017c. arch., Wydzia\u0142 Architektury Politechniki Wroc\u0142awskiej, ewa.luzyniecka@pwr.edu.pl<\/p>\n\n\n\n<p class=\"has-extra-small-font-size\">Monika \u0141yczak, mgr, Instytut Archeologii Uniwersytetu Jagiello\u0144skiego \/ FRAMEA, archeologia@framea.pl<\/p>\n\n\n\n<p class=\"has-extra-small-font-size\">Piotr Marciniak, prof. dr hab. in\u017c. arch., Wydzia\u0142 Architektury Politechniki Pozna\u0144skiej, piotr.marciniak@put.poznan.pl<\/p>\n\n\n\n<p class=\"has-extra-small-font-size\">Aleksandra Marcin\u00f3w, dr in\u017c. arch., Wydzia\u0142 Architektury Politechniki Wroc\u0142awskiej, aleksandra.marcinow@pwr.edu.pl<\/p>\n\n\n\n<p class=\"has-extra-small-font-size\">Jakub Marsza\u0142kiewicz, dr in\u017c., Uniwersytet WSB Merito w Gda\u0144sku, jak.marszalkiewicz@gmail.com<\/p>\n\n\n\n<p class=\"has-extra-small-font-size\">Magda Matuszewska, dr in\u017c. arch.,&nbsp; Wydzia\u0142 Architektury Politechniki Pozna\u0144skiej, magda.matuszewska@put.poznan.pl<\/p>\n\n\n\n<p class=\"has-extra-small-font-size\">Pawe\u0142 Mieros\u0142awski, mgr in\u017c.,&nbsp; tp4@poczta.onet.pl<\/p>\n\n\n\n<p class=\"has-extra-small-font-size\">Maciej Motak, prof. dr hab. in\u017c. arch., Wydzia\u0142 Architektury Politechniki Krakowskiej, maciej.motak@pk.edu.pl<\/p>\n\n\n\n<p class=\"has-extra-small-font-size\">Monika Neff, dr in\u017c. arch., Wydzia\u0142 Architektury Politechniki Warszawskiej, monika.neff@pw.edu.pl<\/p>\n\n\n\n<p class=\"has-extra-small-font-size\">\u0141ukasz Netczuk, mgr in\u017c. arch., lukasz@netczuk.org<\/p>\n\n\n\n<p class=\"has-extra-small-font-size\">Ewa Netczuk-Pol, dr in\u017c. arch., Wydzia\u0142 Architektury Politechniki Wroc\u0142awskiej, ewa.pol@pwr.edu.pl<\/p>\n\n\n\n<p class=\"has-extra-small-font-size\">Magdalena Odziemek, mgr in\u017c. arch., Wydzia\u0142 Architektury Politechniki Wroc\u0142awskiej, magdalena.odziemek@pwr.edu.pl<\/p>\n\n\n\n<p class=\"has-extra-small-font-size\">Pinar Nimet Ozguner Gulhan, dr, Instytut Architektury I Urbanistyki Uniwersytetu Zielonog\u00f3rskiego, <a href=\"mailto:pinar.ozguner@gmail.com\" target=\"_blank\" rel=\"noreferrer noopener\">pinar.ozguner@gmail.com<\/a><\/p>\n\n\n\n<p class=\"has-extra-small-font-size\">Dominika Pazder, dr hab. in\u017c. arch., Wydzia\u0142 Architektury Politechniki Pozna\u0144skiej, <a href=\"mailto:dominika.pazder@put.poznan.pl\">dominika.pazder@put.poznan.pl<\/a><\/p>\n\n\n\n<p class=\"has-extra-small-font-size\">Assunta Pelliccio,&nbsp; Prof. arch., PhD, Universit\u00e0 di Cassino e del Lazio Meridionale, pelliccio@unicas.it<\/p>\n\n\n\n<p class=\"has-extra-small-font-size\">Ma\u0142gorzata Petelenz, dr in\u017c. arch., Wydzia\u0142 Architektury Politechniki Krakowskiej, malgorzata.petelenz@pk.edu.pl<\/p>\n\n\n\n<p class=\"has-extra-small-font-size\">Agata Pi\u0119t, dr in\u017c. arch., Wydzia\u0142 Architektury Politechniki Wroc\u0142awskiej, agatapiet@gmail.com<\/p>\n\n\n\n<p class=\"has-extra-small-font-size\">Aleksander Piwek, prof. dr hab. in\u017c. arch., Wydzia\u0142 Architektury Politechniki Gda\u0144skiej, alepiw12@gmail.com<br><br>Alexandra Pignol-Mroczkowski, Assoc. Prof.<br>alexandra.pignol-mroczkowski@strasbourg.archi.fr<\/p>\n\n\n\n<p class=\"has-extra-small-font-size\">Bogus\u0142aw Podhala\u0144ski, dr hab. in\u017c. arch., Wydzia\u0142 Architektury Politechniki Krakowskiej, eurohorizon2020@gmail.com<\/p>\n\n\n\n<p class=\"has-extra-small-font-size\">Agnieszka Ptak-Wojciechowska, dr in\u017c. arch., Wydzia\u0142 Architektury Politechniki Pozna\u0144skiej, agnieszka.ptak-wojciechowska@put.poznan.pl<\/p>\n\n\n\n<p class=\"has-extra-small-font-size\">Rafa\u0142 Radziewicz-Winnicki, dr in\u017c. arch., Wydzia\u0142 Architektury Politechniki \u015al\u0105skiej, rafal.radziewicz-winnicki@polsl.pl<\/p>\n\n\n\n<p class=\"has-extra-small-font-size\"><a><\/a>Agnieszka Rumie\u017c, dr in\u017c. arch., Wydzia\u0142 Architektury Politechniki Pozna\u0144skiej, agnieszka.rumiez@put.poznan.pl<\/p>\n\n\n\n<p class=\"has-extra-small-font-size\">Marta Rusnak, dr in\u017c. arch., Wydzia\u0142 Architektury Politechniki Wroc\u0142awskiej, marta.rusnak@pwr.edu.pl<\/p>\n\n\n\n<p class=\"has-extra-small-font-size\">Ulrich Schaaf, prof. dr hab. in\u017c. arch., Wydzia\u0142 Sztuk Pi\u0119knych Uniwersytetu Miko\u0142aja Kopernika w Toruniu, u.schaaf@uni.torun.pl<\/p>\n\n\n\n<p class=\"has-extra-small-font-size\">Benjamin Schmid, Dipl. Ing., Institut f\u00fcr Architekturgeschichte Universit\u00e4t Stuttgart, benjamin.schmid@ifag.uni-stuttgart.de<\/p>\n\n\n\n<p class=\"has-extra-small-font-size\">Marta Smekta\u0142a, mgr in\u017c. arch., Wydzia\u0142 Architektury Politechniki Krakowskiej, marta.smektala@pwr.edu.pl<\/p>\n\n\n\n<p class=\"has-extra-small-font-size\">Piotr Springer, dr in\u017c. arch., Wydzia\u0142 Architektury Politechniki Pozna\u0144skiej, piotr.springer@put.poznan.pl<\/p>\n\n\n\n<p class=\"has-extra-small-font-size\">Klaudia Stala, dr hab., Wydzia\u0142 Architektury Politechniki Krakowskiej, klaudiastala11@gmail.com<\/p>\n\n\n\n<p class=\"has-extra-small-font-size\">Anna Stefa\u0144ska, dr in\u017c. arch., Instytut In\u017cynierii L\u0105dowej Szko\u0142y G\u0142\u00f3wnej Gospodarstwa Wiejskiego, anna_stefanska@sggw.edu.pl<\/p>\n\n\n\n<p class=\"has-extra-small-font-size\">Anna Sulimowska, dr in\u017c. arch., Wydzia\u0142 Architektury Politechniki \u015al\u0105skiej, anna.sulimowska@polsl.pl<\/p>\n\n\n\n<p class=\"has-extra-small-font-size\">Maja Sutkowska, in\u017c. arch., Wydzia\u0142 Architektury Politechniki Warszawskiej, msutkowska.arch@gmail.com<\/p>\n\n\n\n<p class=\"has-extra-small-font-size\">Marcin Szyma, dr, Instytut Historyczny Uniwersytetu Jagiello\u0144skiego, marcin.szyma@uj.edu.pl<\/p>\n\n\n\n<p class=\"has-extra-small-font-size\">Ewa Szymczyk, mgr in\u017c. arch., Wydzia\u0142 Architektury Politechniki Krakowskiej, szymczyk.eva@gmail.com<\/p>\n\n\n\n<p class=\"has-extra-small-font-size\">Barbara \u015awit-Janowska, dr in\u017c. arch., Wydzia\u0142 Architektury Politechniki Pozna\u0144skiej, barbara.swit-jankowska@put.poznan.pl<\/p>\n\n\n\n<p class=\"has-extra-small-font-size\"><a><\/a>Marcelina Terelak, mgr in\u017c. arch., Wydzia\u0142 Architektury Politechniki Wroc\u0142awskiej, marcelina.terelak@pwr.edu.pl<\/p>\n\n\n\n<p class=\"has-extra-small-font-size\"><a><\/a>Ewa Tokarska-Go\u0142\u0119biewska, mgr in\u017c. arch., Wydzia\u0142 Architektury Politechniki Wroc\u0142awskiej, ewa.tokarska-golebiewska@pwr.edu.pl<\/p>\n\n\n\n<p class=\"has-extra-small-font-size\">Jakub Turbasa, dr in\u017c. arch., Wydzia\u0142 Architektury Politechniki Krakowskiej, jakub.turbasa@pk.edu.pl<\/p>\n\n\n\n<p class=\"has-extra-small-font-size\"><a><\/a>Zbigniew Tyczy\u0144ski, mgr in\u017c., Politechnika Wroc\u0142awska, zbigniew.tyczynski@pwr.edu.pl<\/p>\n\n\n\n<p class=\"has-extra-small-font-size\">Jerzy U\u015bcinowicz, prof. dr hab. in\u017c. arch., Wydzia\u0142 Architektury Politechniki Bia\u0142ostockiej, j.uscinowicz@pb.edu.pl<\/p>\n\n\n\n<p class=\"has-extra-small-font-size\">Jadwiga Urbanik, dr hab. in\u017c. arch., Wydzia\u0142 Architektury Politechniki Wroc\u0142awskiej, jadwiga.urbanik@pwr.edu.pl<\/p>\n\n\n\n<p class=\"has-extra-small-font-size\">Joanna Ways, dr in\u017c. arch., Wydzia\u0142 Budownictwa I Architektury Politechniki Opolskiej, j.ways@po.edu.pl<\/p>\n\n\n\n<p class=\"has-extra-small-font-size\">Christiane Weber, Prof. Dr.-Ing., Institut f\u00fcr Architekturgeschichte Universit\u00e4t Stuttgart, christiane.weber@ifag.uni-stuttgart.de&nbsp;<\/p>\n\n\n\n<p class=\"has-extra-small-font-size\">Anna Wierzbicka, dr hab. in\u017c. arch., Wydzia\u0142 Architektury Politechniki Warszawskiej, anna.wierzbicka@pw.edu.pl<\/p>\n\n\n\n<p class=\"has-extra-small-font-size\"><a><\/a>Gabriela Wojciechowska, mgr in\u017c. arch., Wydzia\u0142 Architektury Politechniki Wroc\u0142awskiej, gabriela.wojciechowska@pwr.edu.pl<\/p>\n\n\n\n<p class=\"has-extra-small-font-size\">Agata Wo\u017aniczka, mgr in\u017c. arch., Wydzia\u0142 Architektury Politechniki Wroc\u0142awskiej, agata.wozniczka@pwr.edu.pl<\/p>\n\n\n\n<p class=\"has-extra-small-font-size\">Karolina W\u00f3jtowicz, mgr in\u017c. arch., karawojtowicz@gmail.com<\/p>\n\n\n\n<p class=\"has-extra-small-font-size\">Volker Ziegler, Assoc. Prof., Strasbourg Ecole d\u2019architecture, volker.ziegler@strasbourg.archi.fr<\/p>\n\n\n\n<p class=\"has-extra-small-font-size\">Magdalena \u017bmudzi\u0144ska-Nowak, prof. dr hab. in\u017c. arch., Wydzia\u0142 Architektury Politechniki \u015al\u0105skiej, magdalena.zmudzinska-nowak@polsl.pl<\/p>\n","protected":false},"excerpt":{"rendered":"<p>Spis autor\u00f3w: Inna Abramiuk, dr in\u017c. arch., Instytut Architektury i Urbanistyki Uniwersytetu Zielonog\u00f3rskiego, i.abramiuk@aiu.uz.zgora.pl Agnieszka Adamska-Idzikowska, dr in\u017c. arch., Wydzia\u0142 Architektury Politechniki Wroc\u0142awskiej, agnieszka.adamska-idzikowska@pwr.edu.pl Somayeh Afshariazad, mgr in\u017c. arch., Wydzia\u0142 Architektury Politechniki Krakowskiej, s.afshariazad@gmail.com Ewa Angoneze-Grela, dr in\u017c. arch., Wydzia\u0142 Architektury Politechniki Pozna\u0144skiej, ewa.grela@put.poznan.pl Karol Argasi\u0144ski, mgr in\u017c. arch., Wydzia\u0142 Architektury Politechniki Warszawskiej, karol.argasinski.dokt@pw.edu.pl Magdalena&hellip; <a class=\"more-link\" href=\"https:\/\/archresci.pwr.edu.pl\/?page_id=284\">Czytaj dalej <span class=\"screen-reader-text\">ArchReSci 24<\/span><\/a><\/p>\n","protected":false},"author":2,"featured_media":0,"parent":0,"menu_order":0,"comment_status":"closed","ping_status":"closed","template":"","meta":{"_eb_attr":"","footnotes":""},"class_list":["post-284","page","type-page","status-publish","hentry","entry"],"_links":{"self":[{"href":"https:\/\/archresci.pwr.edu.pl\/index.php?rest_route=\/wp\/v2\/pages\/284","targetHints":{"allow":["GET"]}}],"collection":[{"href":"https:\/\/archresci.pwr.edu.pl\/index.php?rest_route=\/wp\/v2\/pages"}],"about":[{"href":"https:\/\/archresci.pwr.edu.pl\/index.php?rest_route=\/wp\/v2\/types\/page"}],"author":[{"embeddable":true,"href":"https:\/\/archresci.pwr.edu.pl\/index.php?rest_route=\/wp\/v2\/users\/2"}],"replies":[{"embeddable":true,"href":"https:\/\/archresci.pwr.edu.pl\/index.php?rest_route=%2Fwp%2Fv2%2Fcomments&post=284"}],"version-history":[{"count":24,"href":"https:\/\/archresci.pwr.edu.pl\/index.php?rest_route=\/wp\/v2\/pages\/284\/revisions"}],"predecessor-version":[{"id":859,"href":"https:\/\/archresci.pwr.edu.pl\/index.php?rest_route=\/wp\/v2\/pages\/284\/revisions\/859"}],"wp:attachment":[{"href":"https:\/\/archresci.pwr.edu.pl\/index.php?rest_route=%2Fwp%2Fv2%2Fmedia&parent=284"}],"curies":[{"name":"wp","href":"https:\/\/api.w.org\/{rel}","templated":true}]}}