{"id":193,"date":"2023-03-20T07:56:20","date_gmt":"2023-03-20T07:56:20","guid":{"rendered":"https:\/\/archresci.pwr.edu.pl\/?page_id=193"},"modified":"2025-11-23T23:13:47","modified_gmt":"2025-11-23T23:13:47","slug":"o-nas","status":"publish","type":"page","link":"https:\/\/archresci.pwr.edu.pl\/?page_id=193","title":{"rendered":"O nas"},"content":{"rendered":"\n<p class=\"has-normal-font-size\">Konferencja ArchReSci (Architecture-Research-Science) jest organizowana od&nbsp;2023&nbsp;roku. Trzecia edycja odb\u0119dzie si\u0119 w kwietniu 2026 roku na Wydziale Architektury Politechniki Pozna\u0144skiej. <\/p>\n\n\n\n<p><\/p>\n\n\n\n<p class=\"has-extra-large-font-size\"><strong>ArchReSci_2026<\/strong><\/p>\n\n\n\n<p style=\"font-size:16px\"><strong>Miejsce<\/strong> <strong>:<\/strong><\/p>\n\n\n\n<div class=\"wp-block-group is-vertical is-layout-flex wp-container-core-group-is-layout-8cf370e7 wp-block-group-is-layout-flex\">\n<p class=\"has-extra-small-font-size\">Wydzia\u0142 Architektury Politechniki Pozna\u0144skiej<\/p>\n\n\n\n<p style=\"font-size:16px\">Wydzia\u0142 Architektury Politechniki Wroc\u0142awskiej<\/p>\n<\/div>\n\n\n\n<p style=\"font-size:16px\"><strong>Patronat:<\/strong> <\/p>\n\n\n\n<div class=\"wp-block-group is-vertical is-layout-flex wp-container-core-group-is-layout-8cf370e7 wp-block-group-is-layout-flex\">\n<p style=\"font-size:16px\">JM Rektor Politechniki Pozna\u0144skiej, prof. dr hab. Teofil Jesionowski<\/p>\n\n\n\n<p style=\"font-size:16px\"> JM Rektor Politechniki Wroc\u0142awskiej, prof. dr hab. Arkadiusz W\u00f3js <\/p>\n<\/div>\n\n\n\n<p style=\"font-size:16px\"><strong>Opieka :<\/strong><\/p>\n\n\n\n<div class=\"wp-block-group is-vertical is-layout-flex wp-container-core-group-is-layout-8cf370e7 wp-block-group-is-layout-flex\">\n<p style=\"font-size:16px\"> Dziekan Wydzia\u0142u Architektury Politechniki Pozna\u0144skiej, prof. PP Agata Gawlak<\/p>\n\n\n\n<p style=\"font-size:16px\">Dziekan Wydzia\u0142u Architektury Politechniki Wroc\u0142awskiej, prof. PWr Magdalena Baborska-Naro\u017cny<\/p>\n<\/div>\n\n\n\n<p style=\"font-size:16px\"><strong>Opieka medialna:<\/strong> <br>Pismo naukowe \u201eArchitectus\u201d oraz \u201eZeszyty Naukowe Politechniki Pozna\u0144skiej&#8221;, Seria Architektura, Urbanistyka i Architektura Wn\u0119trz<\/p>\n\n\n\n<p style=\"font-size:16px\"><strong>Formu\u0142a:<\/strong> <br>hybrydowa, obrady stacjonarne i online (Zoom)<\/p>\n\n\n\n<p style=\"font-size:16px\"><strong>J\u0119zyk:<\/strong> polski, angielski<\/p>\n\n\n\n<p style=\"font-size:16px\"><\/p>\n\n\n\n<p class=\"has-extra-small-font-size\"><strong>Rada naukowa:<\/strong><\/p>\n\n\n\n<div class=\"wp-block-group is-vertical is-layout-flex wp-container-core-group-is-layout-8cf370e7 wp-block-group-is-layout-flex\">\n<p class=\"has-extra-small-font-size\">prof. PP Agata Gawlak (Pozna\u0144) <\/p>\n\n\n\n<p class=\"has-extra-small-font-size\">prof. dr hab. Barbara Gronostajska (Wroc\u0142aw)<\/p>\n\n\n\n<p class=\"has-extra-small-font-size\">prof. dr hab. Hanna Grzeszczuk-Brendel (Pozna\u0144)<\/p>\n\n\n\n<p class=\"has-extra-small-font-size\">prof. dr hab. S\u0142awomir Gzell (Warszawa) <\/p>\n\n\n\n<p class=\"has-extra-small-font-size\">prof. PWr Joanna Jab\u0142o\u0144ska (Wroc\u0142aw)<\/p>\n\n\n\n<p class=\"has-extra-small-font-size\">prof. dr hab. Marzanna Jagie\u0142\u0142o (Wroc\u0142aw)<\/p>\n\n\n\n<p class=\"has-extra-small-font-size\">prof. dr hab. Andrzej Kad\u0142uczka (Krak\u00f3w) <\/p>\n\n\n\n<p class=\"has-extra-small-font-size\">prof. PWr Krystyna Kirschke (Wroc\u0142aw) <\/p>\n\n\n\n<p class=\"has-extra-small-font-size\">prof. PP Gra\u017cyna Kodym-Kozaczko (Pozna\u0144) <\/p>\n\n\n\n<p class=\"has-extra-small-font-size\">prof. UMK Joanna Kucharzewska (Toru\u0144)<\/p>\n\n\n\n<p class=\"has-extra-small-font-size\">prof. dr hab. Dominika Ku\u015bnierz-Krupa (Krak\u00f3w)<\/p>\n\n\n\n<p class=\"has-extra-small-font-size\">prof. dr hab. Piotr Lorens (Gda\u0144sk)<\/p>\n\n\n\n<p class=\"has-extra-small-font-size\">prof. dr hab. Ewa \u0141u\u017cyniecka \u2013 Przewodnicz\u0105ca rady naukowej&nbsp;(Wroc\u0142aw)<\/p>\n\n\n\n<p class=\"has-extra-small-font-size\">prof. dr hab. Piotr Marciniak -Przewodnicz\u0105cy rady naukowej (Pozna\u0144)<\/p>\n\n\n\n<p class=\"has-extra-small-font-size\">prof. dr hab. Maciej Motak (Krak\u00f3w)<\/p>\n\n\n\n<p class=\"has-extra-small-font-size\">prof. dr hab. Aleksander Piwek (Gda\u0144sk)<\/p>\n\n\n\n<p class=\"has-extra-small-font-size\">prof. dr hab. Ma\u0142gorzata Rozbicka (Warszawa)<\/p>\n\n\n\n<p class=\"has-extra-small-font-size\">prof. UMK Ulrich Schaaf (Toru\u0144)<\/p>\n\n\n\n<p class=\"has-extra-small-font-size\"> prof. dr hab. Jan S\u0142yk (Warszawa)<\/p>\n\n\n\n<p class=\"has-extra-small-font-size\">prof. PK Klaudia Stala (Krak\u00f3w)<\/p>\n\n\n\n<p class=\"has-extra-small-font-size\">prof. dr hab. Jakub Szczepa\u0144ski (Gda\u0144sk)<\/p>\n\n\n\n<p class=\"has-extra-small-font-size\">prof. <ins>PWr.<\/ins>&nbsp; Agnieszka Tomaszewicz (Wroc\u0142aw)<\/p>\n\n\n\n<p class=\"has-extra-small-font-size\">prof. PWr Jadwiga Urbanik (Wroc\u0142aw)<\/p>\n\n\n\n<p class=\"has-extra-small-font-size\">prof. dr hab. Tomasz Wa\u017cny (Toru\u0144)<\/p>\n\n\n\n<p class=\"has-extra-small-font-size\">prof. PWr Sebastian Wr\u00f3blewski (Wroc\u0142aw)<\/p>\n\n\n\n<p class=\"has-extra-small-font-size\">prof. dr hab. Magdalena \u017bmudzi\u0144ska-Nowak (Gliwice)<\/p>\n<\/div>\n\n\n\n<p><strong>Komitet organizacyjny:<\/strong><\/p>\n\n\n\n<p><strong><em>Pozna\u0144:<\/em><\/strong><\/p>\n\n\n\n<div class=\"wp-block-group is-vertical is-layout-flex wp-container-core-group-is-layout-8cf370e7 wp-block-group-is-layout-flex\">\n<p class=\"has-extra-small-font-size\">prof. dr hab. Piotr Marciniak<\/p>\n\n\n\n<p class=\"has-extra-small-font-size\">sekretarz: mgr in\u017c. arch. Joanna Bogajewska-Danek<\/p>\n\n\n\n<p class=\"has-extra-small-font-size\">mgr in\u017c. arch. Magdalena Raczkowska<\/p>\n<\/div>\n\n\n\n<figure class=\"wp-block-image\"><img loading=\"lazy\" decoding=\"async\" width=\"1024\" height=\"519\" src=\"https:\/\/archresci.pwr.edu.pl\/wp-content\/uploads\/2025\/11\/organizatorzy_poznan2-1024x519.jpg\" alt=\"\" class=\"wp-image-971\" srcset=\"https:\/\/archresci.pwr.edu.pl\/wp-content\/uploads\/2025\/11\/organizatorzy_poznan2-1024x519.jpg 1024w, https:\/\/archresci.pwr.edu.pl\/wp-content\/uploads\/2025\/11\/organizatorzy_poznan2-300x152.jpg 300w, https:\/\/archresci.pwr.edu.pl\/wp-content\/uploads\/2025\/11\/organizatorzy_poznan2-768x389.jpg 768w, https:\/\/archresci.pwr.edu.pl\/wp-content\/uploads\/2025\/11\/organizatorzy_poznan2-1536x778.jpg 1536w, https:\/\/archresci.pwr.edu.pl\/wp-content\/uploads\/2025\/11\/organizatorzy_poznan2-1568x794.jpg 1568w, https:\/\/archresci.pwr.edu.pl\/wp-content\/uploads\/2025\/11\/organizatorzy_poznan2.jpg 2034w\" sizes=\"auto, (max-width: 1024px) 100vw, 1024px\" \/><\/figure>\n\n\n\n<p><\/p>\n\n\n\n<p><strong><em>Wroc\u0142aw:<\/em><\/strong><\/p>\n\n\n\n<p class=\"has-extra-small-font-size\">prof. dr hab. Ewa \u0141u\u017cyniecka<br>sekretarz : dr Alicja Hoyenski<br>dr Rafa\u0142 Karnicki<br>dr Agnieszka Adamska-Idzikowska<br>mgr Franciszek Hackemer<\/p>\n\n\n\n<figure class=\"wp-block-image\"><img loading=\"lazy\" decoding=\"async\" width=\"1024\" height=\"387\" src=\"https:\/\/archresci.pwr.edu.pl\/wp-content\/uploads\/2025\/10\/ArchReSci_26_org_Wroc-1024x387.jpg\" alt=\"\" class=\"wp-image-866\" srcset=\"https:\/\/archresci.pwr.edu.pl\/wp-content\/uploads\/2025\/10\/ArchReSci_26_org_Wroc-1024x387.jpg 1024w, https:\/\/archresci.pwr.edu.pl\/wp-content\/uploads\/2025\/10\/ArchReSci_26_org_Wroc-300x113.jpg 300w, https:\/\/archresci.pwr.edu.pl\/wp-content\/uploads\/2025\/10\/ArchReSci_26_org_Wroc-768x290.jpg 768w, https:\/\/archresci.pwr.edu.pl\/wp-content\/uploads\/2025\/10\/ArchReSci_26_org_Wroc-1536x580.jpg 1536w, https:\/\/archresci.pwr.edu.pl\/wp-content\/uploads\/2025\/10\/ArchReSci_26_org_Wroc-1568x592.jpg 1568w, https:\/\/archresci.pwr.edu.pl\/wp-content\/uploads\/2025\/10\/ArchReSci_26_org_Wroc.jpg 1592w\" sizes=\"auto, (max-width: 1024px) 100vw, 1024px\" \/><\/figure>\n\n\n\n<p><a href=\"https:\/\/archresci.pwr.edu.pl\/?page_id=230\" data-type=\"page\" data-id=\"230\">Polityka prywatno\u015bci i regulamin strony<\/a><\/p>\n","protected":false},"excerpt":{"rendered":"<p>Konferencja ArchReSci (Architecture-Research-Science) jest organizowana od&nbsp;2023&nbsp;roku. Trzecia edycja odb\u0119dzie si\u0119 w kwietniu 2026 roku na Wydziale Architektury Politechniki Pozna\u0144skiej. ArchReSci_2026 Miejsce : Wydzia\u0142 Architektury Politechniki Pozna\u0144skiej Wydzia\u0142 Architektury Politechniki Wroc\u0142awskiej Patronat: JM Rektor Politechniki Pozna\u0144skiej, prof. dr hab. Teofil Jesionowski JM Rektor Politechniki Wroc\u0142awskiej, prof. dr hab. Arkadiusz W\u00f3js Opieka : Dziekan Wydzia\u0142u Architektury Politechniki&hellip; <a class=\"more-link\" href=\"https:\/\/archresci.pwr.edu.pl\/?page_id=193\">Czytaj dalej <span class=\"screen-reader-text\">O nas<\/span><\/a><\/p>\n","protected":false},"author":1,"featured_media":0,"parent":0,"menu_order":0,"comment_status":"closed","ping_status":"closed","template":"","meta":{"_eb_attr":"","footnotes":""},"class_list":["post-193","page","type-page","status-publish","hentry","entry"],"_links":{"self":[{"href":"https:\/\/archresci.pwr.edu.pl\/index.php?rest_route=\/wp\/v2\/pages\/193","targetHints":{"allow":["GET"]}}],"collection":[{"href":"https:\/\/archresci.pwr.edu.pl\/index.php?rest_route=\/wp\/v2\/pages"}],"about":[{"href":"https:\/\/archresci.pwr.edu.pl\/index.php?rest_route=\/wp\/v2\/types\/page"}],"author":[{"embeddable":true,"href":"https:\/\/archresci.pwr.edu.pl\/index.php?rest_route=\/wp\/v2\/users\/1"}],"replies":[{"embeddable":true,"href":"https:\/\/archresci.pwr.edu.pl\/index.php?rest_route=%2Fwp%2Fv2%2Fcomments&post=193"}],"version-history":[{"count":37,"href":"https:\/\/archresci.pwr.edu.pl\/index.php?rest_route=\/wp\/v2\/pages\/193\/revisions"}],"predecessor-version":[{"id":1038,"href":"https:\/\/archresci.pwr.edu.pl\/index.php?rest_route=\/wp\/v2\/pages\/193\/revisions\/1038"}],"wp:attachment":[{"href":"https:\/\/archresci.pwr.edu.pl\/index.php?rest_route=%2Fwp%2Fv2%2Fmedia&parent=193"}],"curies":[{"name":"wp","href":"https:\/\/api.w.org\/{rel}","templated":true}]}}